{"version":"1.0","provider_name":"Centre de services scolaire de Charlevoix (CSSDC) - \u00c9cole primaire des Eaux-Vives","provider_url":"https:\/\/www.cscharlevoix.qc.ca\/felix-antoine-savard","title":"Espace classe - Centre de services scolaire de Charlevoix (CSSDC) - \u00c9cole primaire des Eaux-Vives","type":"rich","width":600,"height":338,"html":"<blockquote class=\"wp-embedded-content\" data-secret=\"NbehkmFrNc\"><a href=\"https:\/\/www.cscharlevoix.qc.ca\/felix-antoine-savard\/archives-galeries-de-photos\/espace-classe\/\">Espace classe<\/a><\/blockquote><iframe sandbox=\"allow-scripts\" security=\"restricted\" src=\"https:\/\/www.cscharlevoix.qc.ca\/felix-antoine-savard\/archives-galeries-de-photos\/espace-classe\/embed\/#?secret=NbehkmFrNc\" width=\"600\" height=\"338\" title=\"\u00ab\u00a0Espace classe\u00a0\u00bb &#8212; Centre de services scolaire de Charlevoix (CSSDC) - \u00c9cole primaire des Eaux-Vives\" data-secret=\"NbehkmFrNc\" frameborder=\"0\" marginwidth=\"0\" marginheight=\"0\" scrolling=\"no\" class=\"wp-embedded-content\"><\/iframe><script type=\"text\/javascript\">\n\/* <![CDATA[ *\/\n\/*! This file is auto-generated *\/\n!function(d,l){\"use strict\";l.querySelector&&d.addEventListener&&\"undefined\"!=typeof URL&&(d.wp=d.wp||{},d.wp.receiveEmbedMessage||(d.wp.receiveEmbedMessage=function(e){var t=e.data;if((t||t.secret||t.message||t.value)&&!\/[^a-zA-Z0-9]\/.test(t.secret)){for(var s,r,n,a=l.querySelectorAll('iframe[data-secret=\"'+t.secret+'\"]'),o=l.querySelectorAll('blockquote[data-secret=\"'+t.secret+'\"]'),c=new RegExp(\"^https?:$\",\"i\"),i=0;i<o.length;i++)o[i].style.display=\"none\";for(i=0;i<a.length;i++)s=a[i],e.source===s.contentWindow&&(s.removeAttribute(\"style\"),\"height\"===t.message?(1e3<(r=parseInt(t.value,10))?r=1e3:~~r<200&&(r=200),s.height=r):\"link\"===t.message&&(r=new URL(s.getAttribute(\"src\")),n=new URL(t.value),c.test(n.protocol))&&n.host===r.host&&l.activeElement===s&&(d.top.location.href=t.value))}},d.addEventListener(\"message\",d.wp.receiveEmbedMessage,!1),l.addEventListener(\"DOMContentLoaded\",function(){for(var e,t,s=l.querySelectorAll(\"iframe.wp-embedded-content\"),r=0;r<s.length;r++)(t=(e=s[r]).getAttribute(\"data-secret\"))||(t=Math.random().toString(36).substring(2,12),e.src+=\"#?secret=\"+t,e.setAttribute(\"data-secret\",t)),e.contentWindow.postMessage({message:\"ready\",secret:t},\"*\")},!1)))}(window,document);\n\/\/# sourceURL=https:\/\/www.cscharlevoix.qc.ca\/felix-antoine-savard\/wp-includes\/js\/wp-embed.min.js\n\/* ]]> *\/\n<\/script>\n","description":"[vc_row][vc_column][vc_column_text] La classe est un local stimulant et adaptable. Elle permet de soutenir tous les \u00e9l\u00e8ves dans leurs apprentissages, peu importe leurs besoins. Elle fournit un environnement propice \u00e0 la participation, \u00e0 l\u2019exp\u00e9rimentation et \u00e0 la collaboration. Le r\u00e9sultat final des am\u00e9nagements int\u00e9rieurs peut diff\u00e9rer des propositions d\u2019architectes.[\/vc_column_text][vc_gallery type=\u00a0\u00bbimage_grid\u00a0\u00bb images=\u00a0\u00bb6394,6395&Prime; &hellip;"}